{"id":84,"date":"2019-07-11T13:52:26","date_gmt":"2019-07-11T13:52:26","guid":{"rendered":"https:\/\/cpcunhabaixa.pt\/?page_id=84"},"modified":"2026-04-28T15:06:12","modified_gmt":"2026-04-28T15:06:12","slug":"84-2","status":"publish","type":"page","link":"https:\/\/cpcunhabaixa.pt\/","title":{"rendered":""},"content":{"rendered":"<p>[et_pb_section fb_built=&#8221;1&#8243; _builder_version=&#8221;3.25.4&#8243; background_image=&#8221;https:\/\/cpcunhabaixa.pt\/wp-content\/uploads\/2019\/07\/logo.png&#8221; min_height=&#8221;175px&#8221; custom_margin=&#8221;-100px|-200px|0px|200px||&#8221; custom_padding=&#8221;0px||0px|||&#8221; animation_style=&#8221;slide&#8221;][\/et_pb_section][et_pb_section fb_built=&#8221;1&#8243; _builder_version=&#8221;3.25.4&#8243; width=&#8221;100%&#8221; max_width=&#8221;100%&#8221; custom_margin=&#8221;|||200px&#8221; custom_padding=&#8221;||0px|0px||&#8221; animation_style=&#8221;fade&#8221; animation_delay=&#8221;500ms&#8221;][et_pb_row custom_padding=&#8221;0px||0px|||&#8221; custom_margin=&#8221;-27px|auto||auto||&#8221; _builder_version=&#8221;3.25.4&#8243;][et_pb_column type=&#8221;4_4&#8243; _builder_version=&#8221;3.25.4&#8243;][et_pb_text _builder_version=&#8221;3.25.4&#8243; text_font=&#8221;Times New Roman|||||||#0C71C3|solid&#8221; text_text_color=&#8221;#000000&#8243; header_font=&#8221;||||||||&#8221; text_orientation=&#8221;justified&#8221; custom_padding=&#8221;||3px|||&#8221; link_option_url=&#8221;https:\/\/cpcunhabaixa.pt\/wp-content\/uploads\/2026\/04\/contas2025pdf.pdf&#8221;]<\/p>\n<h4 style=\"text-align: right;\"><strong>\u00a0Mapa de contas<\/strong><\/h4>\n<h5 style=\"text-align: right;\"><a href=\"https:\/\/cpcunhabaixa.pt\/wp-content\/uploads\/contas\/2019.pdf\">2019 <\/a>&#8211;\u00a0<strong><a href=\"https:\/\/cpcunhabaixa.pt\/wp-content\/uploads\/contas\/2020.pdf\">2020\u00a0<\/a><span style=\"color: #000000;\">&#8211;<\/span> <a href=\"https:\/\/cpcunhabaixa.pt\/wp-content\/uploads\/contas\/2021.pdf\">2021<\/a>\u00a0&#8211; <a href=\"https:\/\/cpcunhabaixa.pt\/wp-content\/uploads\/contas\/2022.pdf\">2022\u00a0<\/a><\/strong><strong><span>&#8211;<\/span> <a href=\"https:\/\/cpcunhabaixa.pt\/wp-content\/uploads\/contas\/contas2023.pdf\">2023 <\/a><span style=\"color: #000000;\">&#8211;<\/span> <a href=\"https:\/\/cpcunhabaixa.pt\/wp-content\/uploads\/2025\/05\/Contas-2024.pdf\">2024\u00a0<\/a><\/strong><strong><span>&#8211;<\/span> <a href=\"https:\/\/cpcunhabaixa.pt\/wp-content\/uploads\/2026\/04\/Contas-2025.pdf\">2025<\/a><\/strong><\/h5>\n<h5 style=\"text-align: right;\"><strong><a href=\"https:\/\/cpcunhabaixa.pt\/wp-content\/uploads\/2025\/05\/Contas-2024.pdf\"><\/a><\/strong><strong><\/strong><\/h5>\n<p>[\/et_pb_text][\/et_pb_column][\/et_pb_row][et_pb_row _builder_version=&#8221;3.25.4&#8243;][et_pb_column type=&#8221;4_4&#8243; _builder_version=&#8221;3.25.4&#8243;][et_pb_text _builder_version=&#8221;3.25.4&#8243; text_font=&#8221;||||||||&#8221; text_orientation=&#8221;justified&#8221;]<\/p>\n<div class=\"et_pb_module et_pb_text et_pb_text_0 et_pb_bg_layout_light et_pb_text_align_left\">\n<div class=\"et_pb_text_inner\">\n<section class=\"mbr-section\" id=\"header3-1\">\n<div class=\"mbr-section__container container mbr-section__container--middle\">\n<div class=\"mbr-header mbr-header--wysiwyg row\">\n<div class=\"col-sm-8 col-sm-offset-2\">\n<h3 class=\"mbr-header__text\" style=\"text-align: justify;\">Quem somos ?<\/h3>\n<\/div>\n<\/div>\n<\/div>\n<\/section>\n<section class=\"mbr-section\" id=\"content1-2\">\n<div class=\"mbr-section__container container mbr-section__container--middle\">\n<div class=\"row\">\n<div class=\"mbr-article mbr-article--wysiwyg col-sm-8 col-sm-offset-2\">\n<p style=\"text-align: justify;\">O Centro Paroquial de Cunha Baixa \u00e9 uma institui\u00e7\u00e3o particular de solidariedade social, que tem por objetivo principal desenvolver atividades de a\u00e7\u00e3o social, no \u00e2mbito do apoio e prote\u00e7\u00e3o \u00e0 terceira idade, fam\u00edlia e inf\u00e2ncia, na \u00e1rea geogr\u00e1fica da freguesia de Cunha Baixa e freguesias lim\u00edtrofes.<\/p>\n<p style=\"text-align: justify;\">Tem duas respostas sociais a funcionar na \u00e1rea dos idosos \u2013 centro de dia e servi\u00e7o de apoio domicili\u00e1rio.<\/p>\n<p style=\"text-align: justify;\">O Servi\u00e7o de Apoio Domicili\u00e1rio (SAD) \u00e9 uma resposta social, que consiste na presta\u00e7\u00e3o de cuidados individualizados e personalizados no domic\u00edlio, a indiv\u00edduos e fam\u00edlias quando, por motivo de doen\u00e7a, defici\u00eancia, idade ou outro impedimento, n\u00e3o possam assegurar, tempor\u00e1ria ou permanentemente, a satisfa\u00e7\u00e3o das suas necessidades b\u00e1sicas e\/ou atividades da vida di\u00e1ria.<\/p>\n<p style=\"text-align: justify;\">O Centro de Dia \u00e9 uma resposta social, que consiste na presta\u00e7\u00e3o de cuidados individualizados e personalizados nas instala\u00e7\u00f5es do Centro, permitindo a presta\u00e7\u00e3o de um conjunto de servi\u00e7os que contribuem para a manuten\u00e7\u00e3o dos idosos no seu meio sociofamiliar.<\/p>\n<p style=\"text-align: justify;\">\n<p style=\"text-align: justify;\">Neste momento, e atrav\u00e9s de uma candidatura que foi efetuada ao POISE, a Institui\u00e7\u00e3o disp\u00f5e de um servi\u00e7o de atendimento e acompanhamento social (SAAS) que abrange todo o concelho de Mangualde.<\/p>\n<p style=\"text-align: justify;\">Esta servi\u00e7o assegura o atendimento de primeira linha e o acompanhamento de pessoas e fam\u00edlias em situa\u00e7\u00e3o de vulnerabilidade e exclus\u00e3o social, bem como em situa\u00e7\u00e3o de emerg\u00eancia social.<\/p>\n<p style=\"text-align: justify;\">A interven\u00e7\u00e3o t\u00e9cnica do SAAS \u00e9 assegurada por uma equipa multidisciplinar, composta por dois t\u00e9cnicos superiores e um coordenador, com forma\u00e7\u00e3o superior na \u00e1rea das ci\u00eancias sociais e humanas.<\/p>\n<p style=\"text-align: justify;\">\n<\/div>\n<\/div>\n<\/div>\n<\/section>\n<section class=\"mbr-section\" id=\"header3-3\">\n<div class=\"mbr-section__container container mbr-section__container--middle\">\n<div class=\"mbr-header mbr-header--wysiwyg row\">\n<div class=\"col-sm-8 col-sm-offset-2\">\n<h3 class=\"mbr-header__text\">Miss\u00e3o<\/h3>\n<\/div>\n<\/div>\n<\/div>\n<\/section>\n<section class=\"mbr-section\" id=\"content1-6\">\n<div class=\"mbr-section__container container mbr-section__container--middle\">\n<div class=\"row\">\n<div class=\"mbr-article mbr-article--wysiwyg col-sm-8 col-sm-offset-2\">\n<p style=\"text-align: justify;\">A Miss\u00e3o do Centro Paroquial da Cunha Baixa \u00e9 a presta\u00e7\u00e3o de um servi\u00e7o mais qualificado nos cuidados individualizados e personalizados que presta a todos os clientes e fam\u00edlias que, por motivo de doen\u00e7a, idade, defici\u00eancia ou outro impedimento, n\u00e3o possam assegurar, tempor\u00e1ria ou permanentemente, a satisfa\u00e7\u00e3o das suas necessidades b\u00e1sicas e\/ou as atividades da vida di\u00e1ria.<\/p>\n<\/div>\n<\/div>\n<\/div>\n<\/section>\n<section class=\"mbr-section\" id=\"header3-4\">\n<div class=\"mbr-section__container container mbr-section__container--middle\">\n<div class=\"mbr-header mbr-header--wysiwyg row\">\n<div class=\"col-sm-8 col-sm-offset-2\">\n<h3 class=\"mbr-header__text\">Vis\u00e3o<\/h3>\n<\/div>\n<\/div>\n<\/div>\n<\/section>\n<section class=\"mbr-section\" id=\"content1-7\">\n<div class=\"mbr-section__container container mbr-section__container--middle\">\n<div class=\"row\">\n<div class=\"mbr-article mbr-article--wysiwyg col-sm-8 col-sm-offset-2\">\n<p style=\"text-align: justify;\">O Centro Paroquial da Cunha Baixa quer ser reconhecido como uma institui\u00e7\u00e3o de refer\u00eancia no Concelho, valorizando os seus clientes e a qualidade dos servi\u00e7os prestados.<\/p>\n<\/div>\n<\/div>\n<\/div>\n<\/section>\n<section class=\"mbr-section\" id=\"header3-5\">\n<div class=\"mbr-section__container container mbr-section__container--middle\">\n<div class=\"mbr-header mbr-header--wysiwyg row\">\n<div class=\"col-sm-8 col-sm-offset-2\">\n<h3 class=\"mbr-header__text\">Valores<\/h3>\n<\/div>\n<\/div>\n<\/div>\n<\/section>\n<section class=\"mbr-section\" id=\"content1-8\">\n<div class=\"mbr-section__container container mbr-section__container--last\">\n<div class=\"row\">\n<div class=\"mbr-article mbr-article--wysiwyg col-sm-8 col-sm-offset-2\">\n<p>A Institui\u00e7\u00e3o cultiva especialmente os seguintes Valores:<\/p>\n<ul>\n<li>Qualidade \u2013 com o objetivo de fazer cada vez mais e melhor;<\/li>\n<li style=\"text-align: justify;\">Flexibilidade \u2013 como condi\u00e7\u00e3o fundamental de adapta\u00e7\u00e3o \u00e0 mudan\u00e7a;<\/li>\n<li style=\"text-align: justify;\">Criatividade \u2013 procurando a melhoria continua e a sustentabilidade da institui\u00e7\u00e3o;<\/li>\n<li style=\"text-align: justify;\">Iniciativa \u2013 promovendo um bom desempenho e atitude positiva;<\/li>\n<li style=\"text-align: justify;\">Comunica\u00e7\u00e3o \u2013 essencial para a efici\u00eancia do desempenho e bom relacionamento;<\/li>\n<li style=\"text-align: justify;\">Trabalho em Equipa \u2013 como condi\u00e7\u00e3o para uma boa comunica\u00e7\u00e3o e motiva\u00e7\u00e3o;<\/li>\n<li style=\"text-align: justify;\">Gest\u00e3o do Conhecimento \u2013 como objetivo de aumentar o conhecimento e capacidades dos recursos humanos.<\/li>\n<\/ul>\n<\/div>\n<\/div>\n<\/div>\n<\/section>\n<\/div>\n<\/div>\n<p>[\/et_pb_text][\/et_pb_column][\/et_pb_row][\/et_pb_section][et_pb_section fb_built=&#8221;1&#8243; _builder_version=&#8221;3.25.4&#8243; min_height=&#8221;794.6px&#8221; custom_padding=&#8221;||0px|||&#8221;][et_pb_row _builder_version=&#8221;3.25.4&#8243; z_index_tablet=&#8221;500&#8243; box_shadow_horizontal_tablet=&#8221;0px&#8221; box_shadow_vertical_tablet=&#8221;0px&#8221; box_shadow_blur_tablet=&#8221;40px&#8221; box_shadow_spread_tablet=&#8221;0px&#8221;][et_pb_column type=&#8221;4_4&#8243; _builder_version=&#8221;3.25.4&#8243;][et_pb_text _builder_version=&#8221;3.25.4&#8243; custom_padding=&#8221;|||0px||&#8221; z_index_tablet=&#8221;500&#8243; text_text_shadow_horizontal_length_tablet=&#8221;0px&#8221; text_text_shadow_vertical_length_tablet=&#8221;0px&#8221; text_text_shadow_blur_strength_tablet=&#8221;1px&#8221; link_text_shadow_horizontal_length_tablet=&#8221;0px&#8221; link_text_shadow_vertical_length_tablet=&#8221;0px&#8221; link_text_shadow_blur_strength_tablet=&#8221;1px&#8221; ul_text_shadow_horizontal_length_tablet=&#8221;0px&#8221; ul_text_shadow_vertical_length_tablet=&#8221;0px&#8221; ul_text_shadow_blur_strength_tablet=&#8221;1px&#8221; ol_text_shadow_horizontal_length_tablet=&#8221;0px&#8221; ol_text_shadow_vertical_length_tablet=&#8221;0px&#8221; ol_text_shadow_blur_strength_tablet=&#8221;1px&#8221; quote_text_shadow_horizontal_length_tablet=&#8221;0px&#8221; quote_text_shadow_vertical_length_tablet=&#8221;0px&#8221; quote_text_shadow_blur_strength_tablet=&#8221;1px&#8221; header_text_shadow_horizontal_length_tablet=&#8221;0px&#8221; header_text_shadow_vertical_length_tablet=&#8221;0px&#8221; header_text_shadow_blur_strength_tablet=&#8221;1px&#8221; header_2_text_shadow_horizontal_length_tablet=&#8221;0px&#8221; header_2_text_shadow_vertical_length_tablet=&#8221;0px&#8221; header_2_text_shadow_blur_strength_tablet=&#8221;1px&#8221; header_3_text_shadow_horizontal_length_tablet=&#8221;0px&#8221; header_3_text_shadow_vertical_length_tablet=&#8221;0px&#8221; header_3_text_shadow_blur_strength_tablet=&#8221;1px&#8221; header_4_text_shadow_horizontal_length_tablet=&#8221;0px&#8221; header_4_text_shadow_vertical_length_tablet=&#8221;0px&#8221; header_4_text_shadow_blur_strength_tablet=&#8221;1px&#8221; header_5_text_shadow_horizontal_length_tablet=&#8221;0px&#8221; header_5_text_shadow_vertical_length_tablet=&#8221;0px&#8221; header_5_text_shadow_blur_strength_tablet=&#8221;1px&#8221; header_6_text_shadow_horizontal_length_tablet=&#8221;0px&#8221; header_6_text_shadow_vertical_length_tablet=&#8221;0px&#8221; header_6_text_shadow_blur_strength_tablet=&#8221;1px&#8221; box_shadow_horizontal_tablet=&#8221;0px&#8221; box_shadow_vertical_tablet=&#8221;0px&#8221; box_shadow_blur_tablet=&#8221;40px&#8221; box_shadow_spread_tablet=&#8221;0px&#8221;]<\/p>\n<p><a href=\"https:\/\/cpcunhabaixa.pt\/wp-content\/uploads\/2025\/02\/Politica-de-Sustentabilidade.pdf\">Pol\u00edtica de sustentabilidade<\/a><\/p>\n<p><a href=\"https:\/\/cpcunhabaixa.pt\/wp-content\/uploads\/2025\/02\/Politica-de-compras-responsavel.pdf\">Politica de compras respons\u00e1vel<\/a><\/p>\n<p><a href=\"https:\/\/www.livroreclamacoes.pt\/INICIO\/\">Livro de reclama\u00e7\u00f5es online<\/a><\/p>\n<p><a href=\"https:\/\/cpcunhabaixa.pt\/wp-content\/uploads\/2024\/01\/FICHA-DE-PROJETO.pdf\">Ficha de Projeto &#8211; Centro 2020<\/a><\/p>\n<p><a title=\"Centro Paroquial de Cunha Baixa\" href=\"https:\/\/www.biospheresustainable.com\/en\/community\/centro-paroquial-de-cunha-baixa\/7224\" target=\"_blank\" rel=\"nofollow noopener\"><br \/>\u00a0 \u00a0 \u00a0 \u00a0 \u00a0<img decoding=\"async\" style=\"width: 130px; height: auto;\" src=\"https:\/\/www.biospheresustainable.com\/plugin\/award\/7224?key=42d2e01126874a35e43240f5ecf012a8&amp;size=130&amp;style=1&amp;lang=en\" alt=\"Accreditation of the Biosphere distinction\" \/><br \/><\/a><\/p>\n<p><a href=\"https:\/\/cpcunhabaixa.pt\/wp-content\/uploads\/2024\/01\/FICHA-DE-PROJETO.pdf\"><img loading=\"lazy\" decoding=\"async\" class=\"alignright wp-image-169 size-large\" src=\"https:\/\/cpcunhabaixa.pt\/wp-content\/uploads\/2024\/01\/POCentro_PT2020_FEDER_Bom-1024x155.jpg\" alt=\"\" width=\"640\" height=\"97\" srcset=\"https:\/\/cpcunhabaixa.pt\/wp-content\/uploads\/2024\/01\/POCentro_PT2020_FEDER_Bom-1024x155.jpg 1024w, https:\/\/cpcunhabaixa.pt\/wp-content\/uploads\/2024\/01\/POCentro_PT2020_FEDER_Bom-300x45.jpg 300w, https:\/\/cpcunhabaixa.pt\/wp-content\/uploads\/2024\/01\/POCentro_PT2020_FEDER_Bom-768x116.jpg 768w, https:\/\/cpcunhabaixa.pt\/wp-content\/uploads\/2024\/01\/POCentro_PT2020_FEDER_Bom-1536x232.jpg 1536w, https:\/\/cpcunhabaixa.pt\/wp-content\/uploads\/2024\/01\/POCentro_PT2020_FEDER_Bom-1080x163.jpg 1080w, https:\/\/cpcunhabaixa.pt\/wp-content\/uploads\/2024\/01\/POCentro_PT2020_FEDER_Bom-1568x237.jpg 1568w, https:\/\/cpcunhabaixa.pt\/wp-content\/uploads\/2024\/01\/POCentro_PT2020_FEDER_Bom.jpg 1775w\" sizes=\"(max-width: 640px) 100vw, 640px\" \/><\/a><\/p>\n<p>[\/et_pb_text][\/et_pb_column][\/et_pb_row][\/et_pb_section]<\/p>\n","protected":false},"excerpt":{"rendered":"<p>[et_pb_section fb_built=&#8221;1&#8243; _builder_version=&#8221;3.25.4&#8243; background_image=&#8221;https:\/\/cpcunhabaixa.pt\/wp-content\/uploads\/2019\/07\/logo.png&#8221; min_height=&#8221;175px&#8221; custom_margin=&#8221;-100px|-200px|0px|200px||&#8221; custom_padding=&#8221;0px||0px|||&#8221; animation_style=&#8221;slide&#8221;][\/et_pb_section][et_pb_section fb_built=&#8221;1&#8243; _builder_version=&#8221;3.25.4&#8243; width=&#8221;100%&#8221; max_width=&#8221;100%&#8221; custom_margin=&#8221;|||200px&#8221; custom_padding=&#8221;||0px|0px||&#8221; animation_style=&#8221;fade&#8221; animation_delay=&#8221;500ms&#8221;][et_pb_row custom_padding=&#8221;0px||0px|||&#8221; custom_margin=&#8221;-27px|auto||auto||&#8221; _builder_version=&#8221;3.25.4&#8243;][et_pb_column type=&#8221;4_4&#8243; _builder_version=&#8221;3.25.4&#8243;][et_pb_text _builder_version=&#8221;3.25.4&#8243; text_font=&#8221;Times New Roman|||||||#0C71C3|solid&#8221; text_text_color=&#8221;#000000&#8243; header_font=&#8221;||||||||&#8221; text_orientation=&#8221;justified&#8221; custom_padding=&#8221;||3px|||&#8221; link_option_url=&#8221;https:\/\/cpcunhabaixa.pt\/wp-content\/uploads\/2026\/04\/contas2025pdf.pdf&#8221;] \u00a0Mapa de contas 2019 &#8211;\u00a02020\u00a0&#8211; 2021\u00a0&#8211; 2022\u00a0&#8211; 2023 &#8211; 2024\u00a0&#8211; 2025 [\/et_pb_text][\/et_pb_column][\/et_pb_row][et_pb_row _builder_version=&#8221;3.25.4&#8243;][et_pb_column type=&#8221;4_4&#8243; _builder_version=&#8221;3.25.4&#8243;][et_pb_text _builder_version=&#8221;3.25.4&#8243; text_font=&#8221;||||||||&#8221; text_orientation=&#8221;justified&#8221;] Quem somos ? O Centro Paroquial de [&hellip;]<\/p>\n","protected":false},"author":1,"featured_media":0,"parent":0,"menu_order":0,"comment_status":"closed","ping_status":"closed","template":"","meta":{"_et_pb_use_builder":"on","_et_pb_old_content":"","footnotes":""},"_links":{"self":[{"href":"https:\/\/cpcunhabaixa.pt\/index.php?rest_route=\/wp\/v2\/pages\/84"}],"collection":[{"href":"https:\/\/cpcunhabaixa.pt\/index.php?rest_route=\/wp\/v2\/pages"}],"about":[{"href":"https:\/\/cpcunhabaixa.pt\/index.php?rest_route=\/wp\/v2\/types\/page"}],"author":[{"embeddable":true,"href":"https:\/\/cpcunhabaixa.pt\/index.php?rest_route=\/wp\/v2\/users\/1"}],"replies":[{"embeddable":true,"href":"https:\/\/cpcunhabaixa.pt\/index.php?rest_route=%2Fwp%2Fv2%2Fcomments&post=84"}],"version-history":[{"count":56,"href":"https:\/\/cpcunhabaixa.pt\/index.php?rest_route=\/wp\/v2\/pages\/84\/revisions"}],"predecessor-version":[{"id":221,"href":"https:\/\/cpcunhabaixa.pt\/index.php?rest_route=\/wp\/v2\/pages\/84\/revisions\/221"}],"wp:attachment":[{"href":"https:\/\/cpcunhabaixa.pt\/index.php?rest_route=%2Fwp%2Fv2%2Fmedia&parent=84"}],"curies":[{"name":"wp","href":"https:\/\/api.w.org\/{rel}","templated":true}]}}